{"id":1028,"date":"2022-09-02T22:28:47","date_gmt":"2022-09-02T20:28:47","guid":{"rendered":"https:\/\/bigycb.cz\/czs\/?page_id=1028"},"modified":"2025-02-25T21:00:38","modified_gmt":"2025-02-25T20:00:38","slug":"projekty","status":"publish","type":"page","link":"https:\/\/bigycb.cz\/czs\/projekty\/","title":{"rendered":"Projekty"},"content":{"rendered":"\t\t<div data-elementor-type=\"wp-page\" data-elementor-id=\"1028\" class=\"elementor elementor-1028\" data-elementor-post-type=\"page\">\n\t\t\t\t\t\t<section class=\"elementor-section elementor-top-section elementor-element elementor-element-b33ef0c elementor-section-boxed elementor-section-height-default elementor-section-height-default\" data-id=\"b33ef0c\" data-element_type=\"section\" data-e-type=\"section\">\n\t\t\t\t\t\t<div class=\"elementor-container elementor-column-gap-default\">\n\t\t\t\t\t<div class=\"elementor-column elementor-col-100 elementor-top-column elementor-element elementor-element-6cd677c\" data-id=\"6cd677c\" data-element_type=\"column\" data-e-type=\"column\">\n\t\t\t<div class=\"elementor-widget-wrap elementor-element-populated\">\n\t\t\t\t\t\t<div class=\"elementor-element elementor-element-7c42357 elementor-tabs-view-vertical elementor-widget elementor-widget-tabs\" data-id=\"7c42357\" data-element_type=\"widget\" data-e-type=\"widget\" data-widget_type=\"tabs.default\">\n\t\t\t\t<div class=\"elementor-widget-container\">\n\t\t\t\t\t\t\t<div class=\"elementor-tabs\">\n\t\t\t<div class=\"elementor-tabs-wrapper\" role=\"tablist\" >\n\t\t\t\t\t\t\t\t\t<div id=\"elementor-tab-title-1301\" class=\"elementor-tab-title elementor-tab-desktop-title\" aria-selected=\"true\" data-tab=\"1\" role=\"tab\" tabindex=\"0\" aria-controls=\"elementor-tab-content-1301\" aria-expanded=\"false\">\u0160ablony II OP JAK pro CZ\u0160 v&nbsp;\u010cB, reg. \u010d.  CZ.02.02.XX\/00\/24_034\/  0010308<\/div>\n\t\t\t\t\t\t\t\t\t<div id=\"elementor-tab-title-1302\" class=\"elementor-tab-title elementor-tab-desktop-title\" aria-selected=\"false\" data-tab=\"2\" role=\"tab\" tabindex=\"-1\" aria-controls=\"elementor-tab-content-1302\" aria-expanded=\"false\">DIGITALIZUJEME \u0160KOLU 2022-2024 - NPO KOMPONENTA 3.1 INOVACE VE VZD\u011aL\u00c1V\u00c1N\u00cd V&nbsp;KONTEXTU DIGITALIZACE<\/div>\n\t\t\t\t\t\t\t\t\t<div id=\"elementor-tab-title-1303\" class=\"elementor-tab-title elementor-tab-desktop-title\" aria-selected=\"false\" data-tab=\"3\" role=\"tab\" tabindex=\"-1\" aria-controls=\"elementor-tab-content-1303\" aria-expanded=\"false\">OB\u011aDY PRO JIHO\u010cESK\u00c9 D\u011aTI<\/div>\n\t\t\t\t\t\t\t\t\t<div id=\"elementor-tab-title-1304\" class=\"elementor-tab-title elementor-tab-desktop-title\" aria-selected=\"false\" data-tab=\"4\" role=\"tab\" tabindex=\"-1\" aria-controls=\"elementor-tab-content-1304\" aria-expanded=\"false\">DIGITALIZUJEME \u0160KOLU - REALIZACE INVESTICE N\u00c1RODN\u00cdHO  PL\u00c1NU OBNOVY - KOMPONENTA 3.1<\/div>\n\t\t\t\t\t\t\t\t\t<div id=\"elementor-tab-title-1305\" class=\"elementor-tab-title elementor-tab-desktop-title\" aria-selected=\"false\" data-tab=\"5\" role=\"tab\" tabindex=\"-1\" aria-controls=\"elementor-tab-content-1305\" aria-expanded=\"false\">\u0160ablony OP JAK pro CZ\u0160 v&nbsp;\u010cB<\/div>\n\t\t\t\t\t\t\t\t\t<div id=\"elementor-tab-title-1306\" class=\"elementor-tab-title elementor-tab-desktop-title\" aria-selected=\"false\" data-tab=\"6\" role=\"tab\" tabindex=\"-1\" aria-controls=\"elementor-tab-content-1306\" aria-expanded=\"false\">Spojovac\u00ed chodba v&nbsp;are\u00e1lu CZ\u0160<\/div>\n\t\t\t\t\t\t\t\t\t<div id=\"elementor-tab-title-1307\" class=\"elementor-tab-title elementor-tab-desktop-title\" aria-selected=\"false\" data-tab=\"7\" role=\"tab\" tabindex=\"-1\" aria-controls=\"elementor-tab-content-1307\" aria-expanded=\"false\">Vzd\u011bl\u00e1vac\u00ed a&nbsp;kulturn\u00ed akce v&nbsp;tomto \u0161koln\u00edm roce byly finan\u010dn\u011b podpo\u0159eny Severo\u010desk\u00fdmi doly a. s.<\/div>\n\t\t\t\t\t\t\t\t\t<div id=\"elementor-tab-title-1308\" class=\"elementor-tab-title elementor-tab-desktop-title\" aria-selected=\"false\" data-tab=\"8\" role=\"tab\" tabindex=\"-1\" aria-controls=\"elementor-tab-content-1308\" aria-expanded=\"false\">Zlep\u0161en\u00ed kvality v\u00fduky p\u0159\u00edrodn\u00edch v\u011bd a&nbsp;praktick\u00e9ho vzd\u011bl\u00e1v\u00e1n\u00ed na CZ\u0160 Rudolfovsk\u00e1<\/div>\n\t\t\t\t\t\t\t\t\t<div id=\"elementor-tab-title-1309\" class=\"elementor-tab-title elementor-tab-desktop-title\" aria-selected=\"false\" data-tab=\"9\" role=\"tab\" tabindex=\"-1\" aria-controls=\"elementor-tab-content-1309\" aria-expanded=\"false\">\u0160ABLONY III PRO CZ\u0160 V&nbsp;\u010cB<\/div>\n\t\t\t\t\t\t\t\t\t<div id=\"elementor-tab-title-13010\" class=\"elementor-tab-title elementor-tab-desktop-title\" aria-selected=\"false\" data-tab=\"10\" role=\"tab\" tabindex=\"-1\" aria-controls=\"elementor-tab-content-13010\" aria-expanded=\"false\">\u0160ABLONY II PRO CZ\u0160 V&nbsp;\u010cB<\/div>\n\t\t\t\t\t\t\t\t\t<div id=\"elementor-tab-title-13011\" class=\"elementor-tab-title elementor-tab-desktop-title\" aria-selected=\"false\" data-tab=\"11\" role=\"tab\" tabindex=\"-1\" aria-controls=\"elementor-tab-content-13011\" aria-expanded=\"false\">SKOLA BEZ HRANIC<\/div>\n\t\t\t\t\t\t\t\t\t<div id=\"elementor-tab-title-13012\" class=\"elementor-tab-title elementor-tab-desktop-title\" aria-selected=\"false\" data-tab=\"12\" role=\"tab\" tabindex=\"-1\" aria-controls=\"elementor-tab-content-13012\" aria-expanded=\"false\">MAP II ORP \u010cB<\/div>\n\t\t\t\t\t\t\t\t\t<div id=\"elementor-tab-title-13013\" class=\"elementor-tab-title elementor-tab-desktop-title\" aria-selected=\"false\" data-tab=\"13\" role=\"tab\" tabindex=\"-1\" aria-controls=\"elementor-tab-content-13013\" aria-expanded=\"false\">BOS - BEZ OBAV SPOLU<\/div>\n\t\t\t\t\t\t\t\t\t<div id=\"elementor-tab-title-13014\" class=\"elementor-tab-title elementor-tab-desktop-title\" aria-selected=\"false\" data-tab=\"14\" role=\"tab\" tabindex=\"-1\" aria-controls=\"elementor-tab-content-13014\" aria-expanded=\"false\">PODPORA INKLUZE NA CZ\u0160 V&nbsp;\u010cB<\/div>\n\t\t\t\t\t\t\t\t\t<div id=\"elementor-tab-title-13015\" class=\"elementor-tab-title elementor-tab-desktop-title\" aria-selected=\"false\" data-tab=\"15\" role=\"tab\" tabindex=\"-1\" aria-controls=\"elementor-tab-content-13015\" aria-expanded=\"false\">BEZBARI\u00c9ROV\u00dd P\u0158\u00cdSTUP DO T\u011aLOCVI\u010cNY NA CZ\u0160<\/div>\n\t\t\t\t\t\t\t\t\t<div id=\"elementor-tab-title-13016\" class=\"elementor-tab-title elementor-tab-desktop-title\" aria-selected=\"false\" data-tab=\"16\" role=\"tab\" tabindex=\"-1\" aria-controls=\"elementor-tab-content-13016\" aria-expanded=\"false\">CESTY ZA POZN\u00c1N\u00cdM EU<\/div>\n\t\t\t\t\t\t\t\t\t<div id=\"elementor-tab-title-13017\" class=\"elementor-tab-title elementor-tab-desktop-title\" aria-selected=\"false\" data-tab=\"17\" role=\"tab\" tabindex=\"-1\" aria-controls=\"elementor-tab-content-13017\" aria-expanded=\"false\">KR\u016e\u010cEK PO KR\u016e\u010cKU DO SOUSEDN\u00cd ZEM\u011a<\/div>\n\t\t\t\t\t\t\t\t\t<div id=\"elementor-tab-title-13018\" class=\"elementor-tab-title elementor-tab-desktop-title\" aria-selected=\"false\" data-tab=\"18\" role=\"tab\" tabindex=\"-1\" aria-controls=\"elementor-tab-content-13018\" aria-expanded=\"false\">BUDOUCNOST BEZ JAZYKOV\u00ddCH BARI\u00c9R<\/div>\n\t\t\t\t\t\t\t\t\t<div id=\"elementor-tab-title-13019\" class=\"elementor-tab-title elementor-tab-desktop-title\" aria-selected=\"false\" data-tab=\"19\" role=\"tab\" tabindex=\"-1\" aria-controls=\"elementor-tab-content-13019\" aria-expanded=\"false\">EU PEN\u00cdZE \u0160KOL\u00c1M<\/div>\n\t\t\t\t\t\t\t<\/div>\n\t\t\t<div class=\"elementor-tabs-content-wrapper\" role=\"tablist\" aria-orientation=\"vertical\">\n\t\t\t\t\t\t\t\t\t<div class=\"elementor-tab-title elementor-tab-mobile-title\" aria-selected=\"true\" data-tab=\"1\" role=\"tab\" tabindex=\"0\" aria-controls=\"elementor-tab-content-1301\" aria-expanded=\"false\">\u0160ablony II OP JAK pro CZ\u0160 v&nbsp;\u010cB, reg. \u010d.  CZ.02.02.XX\/00\/24_034\/  0010308<\/div>\n\t\t\t\t\t<div id=\"elementor-tab-content-1301\" class=\"elementor-tab-content elementor-clearfix\" data-tab=\"1\" role=\"tabpanel\" aria-labelledby=\"elementor-tab-title-1301\" tabindex=\"0\" hidden=\"false\"><img fetchpriority=\"high\" decoding=\"async\" src=\"https:\/\/bigycb.cz\/czs\/wp-content\/uploads\/2025\/02\/Barevny-plakat-o-velikosti-A3-sablony_1.jpg\" alt=\"\u0160ablony II OP JAK\" width=\"720\" height=\"1018\" \/>\n\n&nbsp;<\/div>\n\t\t\t\t\t\t\t\t\t<div class=\"elementor-tab-title elementor-tab-mobile-title\" aria-selected=\"false\" data-tab=\"2\" role=\"tab\" tabindex=\"-1\" aria-controls=\"elementor-tab-content-1302\" aria-expanded=\"false\">DIGITALIZUJEME \u0160KOLU 2022-2024 - NPO KOMPONENTA 3.1 INOVACE VE VZD\u011aL\u00c1V\u00c1N\u00cd V&nbsp;KONTEXTU DIGITALIZACE<\/div>\n\t\t\t\t\t<div id=\"elementor-tab-content-1302\" class=\"elementor-tab-content elementor-clearfix\" data-tab=\"2\" role=\"tabpanel\" aria-labelledby=\"elementor-tab-title-1302\" tabindex=\"0\" hidden=\"hidden\"><p><img decoding=\"async\" src=\"https:\/\/bigycb.cz\/czs\/wp-content\/uploads\/2024\/05\/Digitalizujeme-skolu-NPO-investice2.png\" alt=\"\" \/><\/p><\/div>\n\t\t\t\t\t\t\t\t\t<div class=\"elementor-tab-title elementor-tab-mobile-title\" aria-selected=\"false\" data-tab=\"3\" role=\"tab\" tabindex=\"-1\" aria-controls=\"elementor-tab-content-1303\" aria-expanded=\"false\">OB\u011aDY PRO JIHO\u010cESK\u00c9 D\u011aTI<\/div>\n\t\t\t\t\t<div id=\"elementor-tab-content-1303\" class=\"elementor-tab-content elementor-clearfix\" data-tab=\"3\" role=\"tabpanel\" aria-labelledby=\"elementor-tab-title-1303\" tabindex=\"0\" hidden=\"hidden\"><p><img decoding=\"async\" src=\"https:\/\/bigycb.cz\/czs\/wp-content\/uploads\/2023\/09\/Projekt-obedy-1.png\" alt=\"Obedy\" width=\"1328\" height=\"924\" \/><\/p><\/div>\n\t\t\t\t\t\t\t\t\t<div class=\"elementor-tab-title elementor-tab-mobile-title\" aria-selected=\"false\" data-tab=\"4\" role=\"tab\" tabindex=\"-1\" aria-controls=\"elementor-tab-content-1304\" aria-expanded=\"false\">DIGITALIZUJEME \u0160KOLU - REALIZACE INVESTICE N\u00c1RODN\u00cdHO  PL\u00c1NU OBNOVY - KOMPONENTA 3.1<\/div>\n\t\t\t\t\t<div id=\"elementor-tab-content-1304\" class=\"elementor-tab-content elementor-clearfix\" data-tab=\"4\" role=\"tabpanel\" aria-labelledby=\"elementor-tab-title-1304\" tabindex=\"0\" hidden=\"hidden\"><p><img decoding=\"async\" class=\"wp-image-3680 size-full aligncenter\" src=\"https:\/\/bigycb.cz\/czs\/wp-content\/uploads\/2023\/06\/vzor-MSMT-Letak-pro-publicitu-NPO-DIGITALIZUJEME-SKOLU-1_1.png\" alt=\"\" width=\"2067\" height=\"2923\" srcset=\"https:\/\/bigycb.cz\/czs\/wp-content\/uploads\/2023\/06\/vzor-MSMT-Letak-pro-publicitu-NPO-DIGITALIZUJEME-SKOLU-1_1.png 2067w, https:\/\/bigycb.cz\/czs\/wp-content\/uploads\/2023\/06\/vzor-MSMT-Letak-pro-publicitu-NPO-DIGITALIZUJEME-SKOLU-1_1-212x300.png 212w, https:\/\/bigycb.cz\/czs\/wp-content\/uploads\/2023\/06\/vzor-MSMT-Letak-pro-publicitu-NPO-DIGITALIZUJEME-SKOLU-1_1-724x1024.png 724w, https:\/\/bigycb.cz\/czs\/wp-content\/uploads\/2023\/06\/vzor-MSMT-Letak-pro-publicitu-NPO-DIGITALIZUJEME-SKOLU-1_1-768x1086.png 768w, https:\/\/bigycb.cz\/czs\/wp-content\/uploads\/2023\/06\/vzor-MSMT-Letak-pro-publicitu-NPO-DIGITALIZUJEME-SKOLU-1_1-1086x1536.png 1086w, https:\/\/bigycb.cz\/czs\/wp-content\/uploads\/2023\/06\/vzor-MSMT-Letak-pro-publicitu-NPO-DIGITALIZUJEME-SKOLU-1_1-1448x2048.png 1448w, https:\/\/bigycb.cz\/czs\/wp-content\/uploads\/2023\/06\/vzor-MSMT-Letak-pro-publicitu-NPO-DIGITALIZUJEME-SKOLU-1_1-1568x2217.png 1568w\" sizes=\"(max-width: 2067px) 100vw, 2067px\" \/><\/p><\/div>\n\t\t\t\t\t\t\t\t\t<div class=\"elementor-tab-title elementor-tab-mobile-title\" aria-selected=\"false\" data-tab=\"5\" role=\"tab\" tabindex=\"-1\" aria-controls=\"elementor-tab-content-1305\" aria-expanded=\"false\">\u0160ablony OP JAK pro CZ\u0160 v&nbsp;\u010cB<\/div>\n\t\t\t\t\t<div id=\"elementor-tab-content-1305\" class=\"elementor-tab-content elementor-clearfix\" data-tab=\"5\" role=\"tabpanel\" aria-labelledby=\"elementor-tab-title-1305\" tabindex=\"0\" hidden=\"hidden\"><p><img loading=\"lazy\" decoding=\"async\" class=\"alignnone wp-image-3676 size-full\" src=\"https:\/\/bigycb.cz\/czs\/wp-content\/uploads\/2023\/06\/A3-plakat-publicita-scaled.jpg\" alt=\"\" width=\"1811\" height=\"2560\" srcset=\"https:\/\/bigycb.cz\/czs\/wp-content\/uploads\/2023\/06\/A3-plakat-publicita-scaled.jpg 1811w, https:\/\/bigycb.cz\/czs\/wp-content\/uploads\/2023\/06\/A3-plakat-publicita-212x300.jpg 212w, https:\/\/bigycb.cz\/czs\/wp-content\/uploads\/2023\/06\/A3-plakat-publicita-724x1024.jpg 724w, https:\/\/bigycb.cz\/czs\/wp-content\/uploads\/2023\/06\/A3-plakat-publicita-768x1086.jpg 768w, https:\/\/bigycb.cz\/czs\/wp-content\/uploads\/2023\/06\/A3-plakat-publicita-1086x1536.jpg 1086w, https:\/\/bigycb.cz\/czs\/wp-content\/uploads\/2023\/06\/A3-plakat-publicita-1449x2048.jpg 1449w, https:\/\/bigycb.cz\/czs\/wp-content\/uploads\/2023\/06\/A3-plakat-publicita-1568x2217.jpg 1568w\" sizes=\"(max-width: 1811px) 100vw, 1811px\" \/><\/p><\/div>\n\t\t\t\t\t\t\t\t\t<div class=\"elementor-tab-title elementor-tab-mobile-title\" aria-selected=\"false\" data-tab=\"6\" role=\"tab\" tabindex=\"-1\" aria-controls=\"elementor-tab-content-1306\" aria-expanded=\"false\">Spojovac\u00ed chodba v&nbsp;are\u00e1lu CZ\u0160<\/div>\n\t\t\t\t\t<div id=\"elementor-tab-content-1306\" class=\"elementor-tab-content elementor-clearfix\" data-tab=\"6\" role=\"tabpanel\" aria-labelledby=\"elementor-tab-title-1306\" tabindex=\"0\" hidden=\"hidden\"><p><img decoding=\"async\" src=\"https:\/\/bigycb.cz\/czs\/wp-content\/uploads\/2023\/03\/spojovaci-chodba.png\" alt=\"\" \/><\/p><\/div>\n\t\t\t\t\t\t\t\t\t<div class=\"elementor-tab-title elementor-tab-mobile-title\" aria-selected=\"false\" data-tab=\"7\" role=\"tab\" tabindex=\"-1\" aria-controls=\"elementor-tab-content-1307\" aria-expanded=\"false\">Vzd\u011bl\u00e1vac\u00ed a&nbsp;kulturn\u00ed akce v&nbsp;tomto \u0161koln\u00edm roce byly finan\u010dn\u011b podpo\u0159eny Severo\u010desk\u00fdmi doly a. s.<\/div>\n\t\t\t\t\t<div id=\"elementor-tab-content-1307\" class=\"elementor-tab-content elementor-clearfix\" data-tab=\"7\" role=\"tabpanel\" aria-labelledby=\"elementor-tab-title-1307\" tabindex=\"0\" hidden=\"hidden\"><p><img loading=\"lazy\" decoding=\"async\" class=\"aligncenter wp-image-1862 size-full\" src=\"https:\/\/bigycb.cz\/czs\/wp-content\/uploads\/2022\/10\/logo-severoceske-doly-a.s.2.png\" alt=\"\" width=\"457\" height=\"216\" srcset=\"https:\/\/bigycb.cz\/czs\/wp-content\/uploads\/2022\/10\/logo-severoceske-doly-a.s.2.png 457w, https:\/\/bigycb.cz\/czs\/wp-content\/uploads\/2022\/10\/logo-severoceske-doly-a.s.2-300x142.png 300w\" sizes=\"(max-width: 457px) 100vw, 457px\" \/><\/p><\/div>\n\t\t\t\t\t\t\t\t\t<div class=\"elementor-tab-title elementor-tab-mobile-title\" aria-selected=\"false\" data-tab=\"8\" role=\"tab\" tabindex=\"-1\" aria-controls=\"elementor-tab-content-1308\" aria-expanded=\"false\">Zlep\u0161en\u00ed kvality v\u00fduky p\u0159\u00edrodn\u00edch v\u011bd a&nbsp;praktick\u00e9ho vzd\u011bl\u00e1v\u00e1n\u00ed na CZ\u0160 Rudolfovsk\u00e1<\/div>\n\t\t\t\t\t<div id=\"elementor-tab-content-1308\" class=\"elementor-tab-content elementor-clearfix\" data-tab=\"8\" role=\"tabpanel\" aria-labelledby=\"elementor-tab-title-1308\" tabindex=\"0\" hidden=\"hidden\"><p><img loading=\"lazy\" decoding=\"async\" class=\"wp-image-1126 size-full alignnone\" src=\"https:\/\/bigycb.cz\/czs\/wp-content\/uploads\/2022\/09\/logo_eu_irop.png\" alt=\"\" width=\"680\" height=\"107\" srcset=\"https:\/\/bigycb.cz\/czs\/wp-content\/uploads\/2022\/09\/logo_eu_irop.png 680w, https:\/\/bigycb.cz\/czs\/wp-content\/uploads\/2022\/09\/logo_eu_irop-300x47.png 300w\" sizes=\"(max-width: 680px) 100vw, 680px\" \/><\/p><p><strong>Popis projektu<\/strong><br \/>\u00dapln\u00fd n\u00e1zev projektu: <strong>Zlep\u0161en\u00ed kvality v\u00fduky p\u0159\u00edrodn\u00edch v\u011bd a&nbsp;praktick\u00e9ho vzd\u011bl\u00e1v\u00e1n\u00ed na CZ\u0160 Rudolfovsk\u00e1<\/strong><\/p><p>\u010c\u00edslo projektu: <strong>CZ.06.2.67\/0.0\/0.0\/16_063\/0003695<\/strong><\/p><p>Investor: <strong>Biskupsk\u00e9 gymn\u00e1zium J. N. Neumanna a&nbsp;C\u00edrkevn\u00ed z\u00e1kladn\u00ed \u0161kola<\/strong><\/p><p>Term\u00edn realizace projektu: <strong>6 \/ 2016 &#8211; 6 \/ 2019<\/strong><\/p><p>Celkov\u00fd rozpo\u010det projektu: <strong>26&nbsp;729&nbsp;769,10<\/strong><\/p><p style=\"text-align: justify;\"><strong>Z\u00e1kladn\u00ed \u00fadaje o&nbsp;stavb\u011b<\/strong><br \/>V r\u00e1mci projektu bude v&nbsp;p\u016fdn\u00edm prostoru provedena vestavba kmenov\u00e9 u\u010debny, u\u010debny p\u0159\u00edrodopisu, u\u010debny va\u0159en\u00ed, dva kabinety a&nbsp;soci\u00e1ln\u00ed za\u0159\u00edzen\u00ed pro \u017e\u00e1ky. V&nbsp;prostoru p\u016fdy budou provedeny nov\u00e9 stropn\u00ed konstrukce, s\u00e1drokartonov\u00e9 p\u0159\u00ed\u010dky, bude provedeno zateplen\u00ed cel\u00e9ho prostoru, osazena st\u0159e\u0161n\u00ed okna a&nbsp;z\u0159\u00edzeny nov\u00e9 vik\u00fd\u0159e. D\u00e1le zde bude provedena nov\u00e1 elektroinstalace, rozvody vody a&nbsp;topen\u00ed a&nbsp;bude zde osazena klimatizace pro nov\u00e9 prostory. P\u016fdn\u00ed prostor bude propojen rampou s&nbsp;chodbou, kde je v\u00fdtah pro bezbari\u00e9rov\u00fd pohyb v&nbsp;prostor\u00e1ch \u0161koly. Ve vnit\u0159n\u00edm dvo\u0159e bude z\u0159\u00edzeno ozelen\u011bl\u00e9 atrium pro relaxaci \u017e\u00e1k\u016f.<\/p><p style=\"text-align: justify;\"><strong>C\u00edle projektu<\/strong><\/p><p style=\"text-align: justify;\">Z\u00e1kladn\u00edm celkov\u00fdm c\u00edlem projektu je na C\u00edrkevn\u00ed z\u00e1kladn\u00ed \u0161kole zajistit pro v\u0161echny sou\u010dasn\u00e9 i&nbsp;budouc\u00ed \u017e\u00e1ky \u0161koly rovn\u00fd p\u0159\u00edstup ke vzd\u011bl\u00e1v\u00e1n\u00ed a&nbsp;k&nbsp;z\u00edsk\u00e1v\u00e1n\u00ed kl\u00ed\u010dov\u00fdch schopnost\u00ed. Problematika zaji\u0161t\u011bn\u00ed rovn\u00e9ho p\u0159\u00edstupu ke vzd\u011bl\u00e1v\u00e1n\u00ed bude \u0159e\u0161ena s&nbsp;ohledem na d\u011bti ze soci\u00e1ln\u011b a&nbsp;kulturn\u011b znev\u00fdhodn\u011bn\u00fdch rodin a&nbsp;d\u011bti se speci\u00e1ln\u00edmi vzd\u011bl\u00e1vac\u00edmi pot\u0159ebami (SVP). Z&nbsp;pohledu zaji\u0161t\u011bn\u00ed vnit\u0159n\u00ed konektivity \u0161kol, kvalitn\u00edho p\u0159ipojen\u00ed k&nbsp;internetu a&nbsp;p\u0159\u00edpadn\u011b po\u0159\u00edzen\u00ed digit\u00e1ln\u00edch vzd\u011bl\u00e1vac\u00edch zdroj\u016f v\u00fduky bude kladen d\u016fraz na zv\u00fd\u0161en\u00ed kvality v\u00fduky prost\u0159ednictv\u00edm t\u011bchto opat\u0159en\u00ed. Tento z\u00e1kladn\u00ed celkov\u00fd c\u00edl m\u016f\u017ee b\u00fdt dosa\u017een pouze prost\u0159ednictv\u00edm napln\u011bn\u00ed n\u011bkolika specifick\u00fdch d\u00edl\u010d\u00edch c\u00edl\u016f:<\/p><ul><li style=\"text-align: justify;\">Zajistit bezbari\u00e9rov\u00fd p\u0159\u00edstup do nov\u011b vybudovan\u00e9 p\u016fdn\u00ed vestavby a&nbsp;t\u00edm zp\u0159\u00edstupnit \u0161kolu a&nbsp;jej\u00ed u\u010debny \u017e\u00e1k\u016fm s&nbsp;pohybov\u00fdm hendikepem.<\/li><li style=\"text-align: justify;\">Vytvo\u0159it podm\u00ednky pro inkluzivn\u00ed vzd\u011bl\u00e1v\u00e1n\u00ed pomoc\u00ed nav\u00fd\u0161en\u00ed po\u010dtu kmenov\u00fdch t\u0159\u00edd a&nbsp;t\u00edm sn\u00ed\u017een\u00ed po\u010dtu \u017e\u00e1k\u016f v&nbsp;n\u011bkolika p\u016fvodn\u00edch kmenov\u00fdch t\u0159\u00edd\u00e1ch.<\/li><li style=\"text-align: justify;\">Modernizovat strukturu po\u010d\u00edta\u010dov\u00e9 s\u00edt\u011b ve \u0161kole tak, aby byla s\u00ed\u0165 zaji\u0161t\u011bna z&nbsp;hlediska bezpe\u010dnosti a&nbsp;aby bylo zaji\u0161t\u011bno dosa\u017een\u00ed po\u017eadovan\u00fdch technick\u00fdch parametr\u016f (vyj\u00e1d\u0159en\u00fdch v&nbsp;p\u0159\u00edloze \u010d. 9 Specifick\u00fdch pravidel).<\/li><li style=\"text-align: justify;\">V n\u00e1vaznosti na po\u017eadavky souvisej\u00edc\u00ed s&nbsp;modern\u00edmi metodami v\u00fduky a&nbsp;pot\u0159ebami praxe zv\u00fd\u0161it kvalitu v\u00fduky p\u0159\u00edrodopisu, IVT a&nbsp;pracovn\u00edch \u010dinnost\u00ed prost\u0159ednictv\u00edm vybudov\u00e1n\u00ed a&nbsp;vybaven\u00ed nov\u00fdch odborn\u00fdch u\u010deben.<\/li><li style=\"text-align: justify;\">Roz\u0161\u00ed\u0159it mo\u017enosti pro kvalitn\u00ed z\u00e1jmov\u00e9 mimo\u0161koln\u00ed vzd\u011bl\u00e1v\u00e1n\u00ed \u017e\u00e1k\u016f \u0161koly v&nbsp;oblasti pracovn\u00edch \u010dinnost\u00ed spojen\u00fdch s&nbsp;va\u0159en\u00edm, pr\u00e1ce s&nbsp;digit\u00e1ln\u00edmi technologiemi a&nbsp;p\u0159\u00edrodopisu.<\/li><li style=\"text-align: justify;\">Nab\u00eddnout tyto nov\u00e9 v\u00fdukov\u00e9 prostory i&nbsp;ostatn\u00edm \u0161kol\u00e1m (inspirace, motivace, spolupr\u00e1ce).<\/li><li style=\"text-align: justify;\">Obohatit venkovn\u00ed prostor o&nbsp;odpo\u010dinkovou z\u00f3nu a&nbsp;p\u0159isp\u011bt tak k&nbsp;tomu, aby \u017e\u00e1ci z\u00edskali spr\u00e1vn\u00e9 n\u00e1vyky i&nbsp;v&nbsp;oblasti odpo\u010dinku a&nbsp;relaxace.<\/li><li>\u00a0<\/li><\/ul><p><strong>Na projekt je poskytov\u00e1na finan\u010dn\u00ed podpora z&nbsp;EU<\/strong><\/p><\/div>\n\t\t\t\t\t\t\t\t\t<div class=\"elementor-tab-title elementor-tab-mobile-title\" aria-selected=\"false\" data-tab=\"9\" role=\"tab\" tabindex=\"-1\" aria-controls=\"elementor-tab-content-1309\" aria-expanded=\"false\">\u0160ABLONY III PRO CZ\u0160 V&nbsp;\u010cB<\/div>\n\t\t\t\t\t<div id=\"elementor-tab-content-1309\" class=\"elementor-tab-content elementor-clearfix\" data-tab=\"9\" role=\"tabpanel\" aria-labelledby=\"elementor-tab-title-1309\" tabindex=\"0\" hidden=\"hidden\"><p><img loading=\"lazy\" decoding=\"async\" class=\"aligncenter wp-image-1864 size-full\" src=\"https:\/\/bigycb.cz\/czs\/wp-content\/uploads\/2022\/10\/plakat3_sablony.jpg\" alt=\"\" width=\"623\" height=\"892\" srcset=\"https:\/\/bigycb.cz\/czs\/wp-content\/uploads\/2022\/10\/plakat3_sablony.jpg 623w, https:\/\/bigycb.cz\/czs\/wp-content\/uploads\/2022\/10\/plakat3_sablony-210x300.jpg 210w\" sizes=\"(max-width: 623px) 100vw, 623px\" \/><\/p><\/div>\n\t\t\t\t\t\t\t\t\t<div class=\"elementor-tab-title elementor-tab-mobile-title\" aria-selected=\"false\" data-tab=\"10\" role=\"tab\" tabindex=\"-1\" aria-controls=\"elementor-tab-content-13010\" aria-expanded=\"false\">\u0160ABLONY II PRO CZ\u0160 V&nbsp;\u010cB<\/div>\n\t\t\t\t\t<div id=\"elementor-tab-content-13010\" class=\"elementor-tab-content elementor-clearfix\" data-tab=\"10\" role=\"tabpanel\" aria-labelledby=\"elementor-tab-title-13010\" tabindex=\"0\" hidden=\"hidden\"><p><img loading=\"lazy\" decoding=\"async\" class=\"aligncenter wp-image-1863 size-full\" src=\"https:\/\/bigycb.cz\/czs\/wp-content\/uploads\/2022\/10\/plakat_sablony.jpg\" alt=\"\" width=\"578\" height=\"817\" srcset=\"https:\/\/bigycb.cz\/czs\/wp-content\/uploads\/2022\/10\/plakat_sablony.jpg 578w, https:\/\/bigycb.cz\/czs\/wp-content\/uploads\/2022\/10\/plakat_sablony-212x300.jpg 212w\" sizes=\"(max-width: 578px) 100vw, 578px\" \/><\/p><\/div>\n\t\t\t\t\t\t\t\t\t<div class=\"elementor-tab-title elementor-tab-mobile-title\" aria-selected=\"false\" data-tab=\"11\" role=\"tab\" tabindex=\"-1\" aria-controls=\"elementor-tab-content-13011\" aria-expanded=\"false\">SKOLA BEZ HRANIC<\/div>\n\t\t\t\t\t<div id=\"elementor-tab-content-13011\" class=\"elementor-tab-content elementor-clearfix\" data-tab=\"11\" role=\"tabpanel\" aria-labelledby=\"elementor-tab-title-13011\" tabindex=\"0\" hidden=\"hidden\"><p><img loading=\"lazy\" decoding=\"async\" class=\"aligncenter wp-image-1867 size-full\" src=\"https:\/\/bigycb.cz\/czs\/wp-content\/uploads\/2022\/10\/projekt-skola-bez-hranic.jpg\" alt=\"\" width=\"1451\" height=\"844\" srcset=\"https:\/\/bigycb.cz\/czs\/wp-content\/uploads\/2022\/10\/projekt-skola-bez-hranic.jpg 1451w, https:\/\/bigycb.cz\/czs\/wp-content\/uploads\/2022\/10\/projekt-skola-bez-hranic-300x175.jpg 300w, https:\/\/bigycb.cz\/czs\/wp-content\/uploads\/2022\/10\/projekt-skola-bez-hranic-1024x596.jpg 1024w, https:\/\/bigycb.cz\/czs\/wp-content\/uploads\/2022\/10\/projekt-skola-bez-hranic-768x447.jpg 768w\" sizes=\"(max-width: 1451px) 100vw, 1451px\" \/><\/p><\/div>\n\t\t\t\t\t\t\t\t\t<div class=\"elementor-tab-title elementor-tab-mobile-title\" aria-selected=\"false\" data-tab=\"12\" role=\"tab\" tabindex=\"-1\" aria-controls=\"elementor-tab-content-13012\" aria-expanded=\"false\">MAP II ORP \u010cB<\/div>\n\t\t\t\t\t<div id=\"elementor-tab-content-13012\" class=\"elementor-tab-content elementor-clearfix\" data-tab=\"12\" role=\"tabpanel\" aria-labelledby=\"elementor-tab-title-13012\" tabindex=\"0\" hidden=\"hidden\"><p style=\"text-align: center;\">&#8222;M\u00edstn\u00ed Ak\u010dn\u00ed Pl\u00e1n II Obc\u00ed s&nbsp;Roz\u0161\u00ed\u0159enou P\u016fsobnost\u00ed v&nbsp;\u010cesk\u00fdch Bud\u011bjovic\u00edch&#8220;<\/p><p><img loading=\"lazy\" decoding=\"async\" class=\"aligncenter wp-image-1861 size-full\" src=\"https:\/\/bigycb.cz\/czs\/wp-content\/uploads\/2022\/10\/logoeumsmt.jpg\" alt=\"\" width=\"1559\" height=\"346\" srcset=\"https:\/\/bigycb.cz\/czs\/wp-content\/uploads\/2022\/10\/logoeumsmt.jpg 1559w, https:\/\/bigycb.cz\/czs\/wp-content\/uploads\/2022\/10\/logoeumsmt-300x67.jpg 300w, https:\/\/bigycb.cz\/czs\/wp-content\/uploads\/2022\/10\/logoeumsmt-1024x227.jpg 1024w, https:\/\/bigycb.cz\/czs\/wp-content\/uploads\/2022\/10\/logoeumsmt-768x170.jpg 768w, https:\/\/bigycb.cz\/czs\/wp-content\/uploads\/2022\/10\/logoeumsmt-1536x341.jpg 1536w\" sizes=\"(max-width: 1559px) 100vw, 1559px\" \/><\/p><p style=\"text-align: center;\">\u010c\u00edslo projektu:\u00a0<b>CZ.02.3.68\/0.0\/0.0\/17_047\/0008620<\/b><\/p><p style=\"text-align: center;\">v\u00edce informac\u00ed o&nbsp;projektu naleznete na:<br \/><a title=\"Projekt MAP II ORP \u010cB\" href=\"https:\/\/www.mapvzdelavani.cz\/orp-v-projektu\/orp-ceske-budejovice\/\" target=\"_self\">https:\/\/www.mapvzdelavani.cz\/orp-v-projektu\/orp-ceske-budejovice\/<\/a><\/p><\/div>\n\t\t\t\t\t\t\t\t\t<div class=\"elementor-tab-title elementor-tab-mobile-title\" aria-selected=\"false\" data-tab=\"13\" role=\"tab\" tabindex=\"-1\" aria-controls=\"elementor-tab-content-13013\" aria-expanded=\"false\">BOS - BEZ OBAV SPOLU<\/div>\n\t\t\t\t\t<div id=\"elementor-tab-content-13013\" class=\"elementor-tab-content elementor-clearfix\" data-tab=\"13\" role=\"tabpanel\" aria-labelledby=\"elementor-tab-title-13013\" tabindex=\"0\" hidden=\"hidden\"><p><img loading=\"lazy\" decoding=\"async\" class=\"aligncenter wp-image-1861 size-full\" src=\"https:\/\/bigycb.cz\/czs\/wp-content\/uploads\/2022\/10\/logoeumsmt.jpg\" alt=\"\" width=\"1559\" height=\"346\" srcset=\"https:\/\/bigycb.cz\/czs\/wp-content\/uploads\/2022\/10\/logoeumsmt.jpg 1559w, https:\/\/bigycb.cz\/czs\/wp-content\/uploads\/2022\/10\/logoeumsmt-300x67.jpg 300w, https:\/\/bigycb.cz\/czs\/wp-content\/uploads\/2022\/10\/logoeumsmt-1024x227.jpg 1024w, https:\/\/bigycb.cz\/czs\/wp-content\/uploads\/2022\/10\/logoeumsmt-768x170.jpg 768w, https:\/\/bigycb.cz\/czs\/wp-content\/uploads\/2022\/10\/logoeumsmt-1536x341.jpg 1536w\" sizes=\"(max-width: 1559px) 100vw, 1559px\" \/><\/p><p style=\"text-align: center;\">\u00a0Str\u00e1nky projektu naleznete na:<a title=\"Projekt: Bez obav spolu (BOS)\" href=\"http:\/\/bos.zvas.cz\/\" target=\"_self\">http:\/\/bos.zvas.cz\/<\/a><\/p><\/div>\n\t\t\t\t\t\t\t\t\t<div class=\"elementor-tab-title elementor-tab-mobile-title\" aria-selected=\"false\" data-tab=\"14\" role=\"tab\" tabindex=\"-1\" aria-controls=\"elementor-tab-content-13014\" aria-expanded=\"false\">PODPORA INKLUZE NA CZ\u0160 V&nbsp;\u010cB<\/div>\n\t\t\t\t\t<div id=\"elementor-tab-content-13014\" class=\"elementor-tab-content elementor-clearfix\" data-tab=\"14\" role=\"tabpanel\" aria-labelledby=\"elementor-tab-title-13014\" tabindex=\"0\" hidden=\"hidden\"><p><img loading=\"lazy\" decoding=\"async\" class=\"aligncenter wp-image-1859 size-full\" src=\"https:\/\/bigycb.cz\/czs\/wp-content\/uploads\/2022\/10\/inkluze.jpg\" alt=\"\" width=\"694\" height=\"741\" srcset=\"https:\/\/bigycb.cz\/czs\/wp-content\/uploads\/2022\/10\/inkluze.jpg 694w, https:\/\/bigycb.cz\/czs\/wp-content\/uploads\/2022\/10\/inkluze-281x300.jpg 281w\" sizes=\"(max-width: 694px) 100vw, 694px\" \/><\/p><\/div>\n\t\t\t\t\t\t\t\t\t<div class=\"elementor-tab-title elementor-tab-mobile-title\" aria-selected=\"false\" data-tab=\"15\" role=\"tab\" tabindex=\"-1\" aria-controls=\"elementor-tab-content-13015\" aria-expanded=\"false\">BEZBARI\u00c9ROV\u00dd P\u0158\u00cdSTUP DO T\u011aLOCVI\u010cNY NA CZ\u0160<\/div>\n\t\t\t\t\t<div id=\"elementor-tab-content-13015\" class=\"elementor-tab-content elementor-clearfix\" data-tab=\"15\" role=\"tabpanel\" aria-labelledby=\"elementor-tab-title-13015\" tabindex=\"0\" hidden=\"hidden\"><p><img loading=\"lazy\" decoding=\"async\" class=\"aligncenter wp-image-1866 size-full\" src=\"https:\/\/bigycb.cz\/czs\/wp-content\/uploads\/2022\/10\/projekt-maly.jpg\" alt=\"\" width=\"557\" height=\"788\" srcset=\"https:\/\/bigycb.cz\/czs\/wp-content\/uploads\/2022\/10\/projekt-maly.jpg 557w, https:\/\/bigycb.cz\/czs\/wp-content\/uploads\/2022\/10\/projekt-maly-212x300.jpg 212w\" sizes=\"(max-width: 557px) 100vw, 557px\" \/><\/p><p style=\"text-align: center;\"><img loading=\"lazy\" decoding=\"async\" class=\"alignnone size-full wp-image-1870\" src=\"https:\/\/bigycb.cz\/czs\/wp-content\/uploads\/2022\/10\/t_02.jpg\" alt=\"\" width=\"225\" height=\"300\" \/> <img loading=\"lazy\" decoding=\"async\" class=\"alignnone size-full wp-image-1871\" src=\"https:\/\/bigycb.cz\/czs\/wp-content\/uploads\/2022\/10\/t_03.jpg\" alt=\"\" width=\"223\" height=\"300\" \/> <img loading=\"lazy\" decoding=\"async\" class=\"alignnone size-full wp-image-1869\" src=\"https:\/\/bigycb.cz\/czs\/wp-content\/uploads\/2022\/10\/t_01.jpg\" alt=\"\" width=\"212\" height=\"300\" \/><\/p><\/div>\n\t\t\t\t\t\t\t\t\t<div class=\"elementor-tab-title elementor-tab-mobile-title\" aria-selected=\"false\" data-tab=\"16\" role=\"tab\" tabindex=\"-1\" aria-controls=\"elementor-tab-content-13016\" aria-expanded=\"false\">CESTY ZA POZN\u00c1N\u00cdM EU<\/div>\n\t\t\t\t\t<div id=\"elementor-tab-content-13016\" class=\"elementor-tab-content elementor-clearfix\" data-tab=\"16\" role=\"tabpanel\" aria-labelledby=\"elementor-tab-title-13016\" tabindex=\"0\" hidden=\"hidden\"><p>V r\u00e1mci projektu \u201eCesty za pozn\u00e1n\u00edm Evropsk\u00e9 unie\u201c pokra\u010dovala \u0161kola v&nbsp;roce 2013 ve spolupr\u00e1ci s&nbsp;partnerskou \u0161kolou Staatliche Realschule z&nbsp;bavorsk\u00e9ho m\u011bste\u010dka Grafenau. B\u011bhem t\u0159et\u00edho b\u0159eznov\u00e9m v\u00edkendu se uskute\u010dnilo spole\u010dn\u00e9 setk\u00e1n\u00ed \u017e\u00e1k\u016f a&nbsp;u\u010ditel\u016f obou \u0161kol, tentokr\u00e1t ve sportovn\u00edm st\u0159edisku Habischried nedaleko Regenu. Netradi\u010dn\u00ed v\u00fduku \u010desk\u00e9ho i&nbsp;n\u011bmeck\u00e9ho jazyka prolo\u017eenou sportovn\u00edmi a&nbsp;hudebn\u00edmi aktivitami ocenili mimo jin\u00e9 i&nbsp;p\u0159\u00edtomn\u00ed n\u011bme\u010dt\u00ed politici v&nbsp;\u010dele s&nbsp;panem ministrem Helmutem Brunnerem.<\/p><p>Koncem z\u00e1\u0159\u00ed nav\u0161t\u00edvili bavor\u0161t\u00ed \u017e\u00e1ci se sv\u00fdmi u\u010diteli \u010cesk\u00e9 Bud\u011bjovice. Po spole\u010dn\u00e9 v\u00fduce na CZ\u0160 a&nbsp;n\u00e1v\u0161t\u011bv\u011b historick\u00fdch pam\u00e1tek bylo odpoledn\u00ed setk\u00e1n\u00ed vyu\u017eito ke sportovn\u00edm aktivit\u00e1m. Hlavn\u00edm bodem spole\u010dn\u00e9ho setk\u00e1n\u00ed se stala n\u00e1v\u0161t\u011bva ZOO Ohrada v&nbsp;Hlubok\u00e9 nad Vltavou. Po p\u0159edn\u00e1\u0161ce o&nbsp;hadech se skupinky \u017e\u00e1k\u016f rozpt\u00fdlily po ZOO, kde plnily r\u016fzn\u00e9 \u00fakoly. V\u00fdsledkem projektu pak byl \u010desko-n\u011bmeck\u00fd obr\u00e1zkov\u00fd slovn\u00edk o&nbsp;zv\u00ed\u0159atech.<\/p><p>Za realizaci tohoto projektu z\u00edskala na\u0161e \u0161kola ocen\u011bn\u00ed, kter\u00e9 obdr\u017eela na slavnostn\u00edm zased\u00e1n\u00ed Euroregia v&nbsp;rakousk\u00e9m Rohrbachu.<\/p><p><img loading=\"lazy\" decoding=\"async\" class=\"alignnone size-medium wp-image-1856\" src=\"https:\/\/bigycb.cz\/czs\/wp-content\/uploads\/2022\/10\/diplom-euroregio-212x300.jpg\" alt=\"\" width=\"212\" height=\"300\" srcset=\"https:\/\/bigycb.cz\/czs\/wp-content\/uploads\/2022\/10\/diplom-euroregio-212x300.jpg 212w, https:\/\/bigycb.cz\/czs\/wp-content\/uploads\/2022\/10\/diplom-euroregio.jpg 500w\" sizes=\"(max-width: 212px) 100vw, 212px\" \/><\/p><p>Tento projekt je spolufinancov\u00e1n\u00a0<b>Evropskou uni\u00ed z&nbsp;Evropsk\u00e9ho fondu pro region\u00e1ln\u00ed rozvoj, konkr\u00e9tn\u011b z&nbsp;Dispozi\u010dn\u00edho fondu \u010cesk\u00e1 republika \u2013 Bavorsko C\u00edl 3.<\/b><\/p><p style=\"text-align: right;\"><b>\u201eInvestice do va\u0161\u00ed budoucnosti\u201c<\/b><\/p><p><img loading=\"lazy\" decoding=\"async\" class=\"alignnone size-full wp-image-1857\" src=\"https:\/\/bigycb.cz\/czs\/wp-content\/uploads\/2022\/10\/eu.gif\" alt=\"\" width=\"105\" height=\"70\" \/> <img loading=\"lazy\" decoding=\"async\" class=\"alignnone size-full wp-image-1858\" src=\"https:\/\/bigycb.cz\/czs\/wp-content\/uploads\/2022\/10\/euregio.gif\" alt=\"\" width=\"200\" height=\"81\" \/> <img loading=\"lazy\" decoding=\"async\" class=\"alignnone size-full wp-image-1855\" src=\"https:\/\/bigycb.cz\/czs\/wp-content\/uploads\/2022\/10\/cil3.jpg\" alt=\"\" width=\"90\" height=\"57\" \/> <img loading=\"lazy\" decoding=\"async\" class=\"alignnone size-full wp-image-1868\" src=\"https:\/\/bigycb.cz\/czs\/wp-content\/uploads\/2022\/10\/regionalni.gif\" alt=\"\" width=\"123\" height=\"129\" \/><\/p><\/div>\n\t\t\t\t\t\t\t\t\t<div class=\"elementor-tab-title elementor-tab-mobile-title\" aria-selected=\"false\" data-tab=\"17\" role=\"tab\" tabindex=\"-1\" aria-controls=\"elementor-tab-content-13017\" aria-expanded=\"false\">KR\u016e\u010cEK PO KR\u016e\u010cKU DO SOUSEDN\u00cd ZEM\u011a<\/div>\n\t\t\t\t\t<div id=\"elementor-tab-content-13017\" class=\"elementor-tab-content elementor-clearfix\" data-tab=\"17\" role=\"tabpanel\" aria-labelledby=\"elementor-tab-title-13017\" tabindex=\"0\" hidden=\"hidden\"><p>V \u010dervnu 2013 se do tohoto projektu zapojili v\u0161echny 3.&nbsp;t\u0159\u00eddy, v&nbsp;r\u00e1mci projektu byli \u017e\u00e1ci sezn\u00e1meni s&nbsp;jazykem a&nbsp;kulturou N\u011bmecka.<\/p><\/div>\n\t\t\t\t\t\t\t\t\t<div class=\"elementor-tab-title elementor-tab-mobile-title\" aria-selected=\"false\" data-tab=\"18\" role=\"tab\" tabindex=\"-1\" aria-controls=\"elementor-tab-content-13018\" aria-expanded=\"false\">BUDOUCNOST BEZ JAZYKOV\u00ddCH BARI\u00c9R<\/div>\n\t\t\t\t\t<div id=\"elementor-tab-content-13018\" class=\"elementor-tab-content elementor-clearfix\" data-tab=\"18\" role=\"tabpanel\" aria-labelledby=\"elementor-tab-title-13018\" tabindex=\"0\" hidden=\"hidden\"><p style=\"text-align: right;\">V r\u00e1mci projektu \u201e Budoucnost bez jazykov\u00fdch bari\u00e9r\u201c nav\u00e1zala \u0161kola v&nbsp;tomto roce spolupr\u00e1ci s&nbsp;partnerskou \u0161kolou z&nbsp;Bavorska. Jedn\u00e1 se o&nbsp;Staatliche Realschule z&nbsp;m\u011bste\u010dka Grafenau. \u017d\u00e1ci a&nbsp;u\u010ditel\u00e9 z&nbsp;t\u00e9to \u0161koly nav\u0161t\u00edvili v&nbsp;kv\u011btnu CZ\u0160, byli p\u0159\u00edtomni na hodin\u00e1ch IVT, n\u011bmeck\u00e9ho, anglick\u00e9ho a&nbsp;\u010desk\u00e9ho jazyka. V&nbsp;odpoledn\u00edch hodin\u00e1ch si prohl\u00e9dli \u010cesk\u00e9 Bud\u011bjovice a&nbsp;okol\u00ed.<\/p><p>V z\u00e1\u0159\u00ed 2012 prob\u011bhlo setk\u00e1n\u00ed partnersk\u00fdch \u0161kol v&nbsp;Bavorsku. Na\u0161e d\u011bv\u010data se aktivn\u011b zapojila do v\u00fduky d\u011bjepisu, ho\u0161i se z\u00fa\u010dastnili fotbalov\u00e9ho utk\u00e1n\u00ed. Po prohl\u00eddce d\u011bkansk\u00e9ho kostela a&nbsp;m\u00edstn\u00ed radnice bylo cel\u00e9 odpoledne vypln\u011bno n\u00e1v\u0161t\u011bvou Bavorsk\u00e9ho lesa, kde se nach\u00e1z\u00ed nejdel\u0161\u00ed stezka v&nbsp;korun\u00e1ch strom\u016f na sv\u011bt\u011b, kter\u00e1 m\u011b\u0159\u00ed celkem 1300 metr\u016f.<\/p><p>Z\u00e1rove\u0148 se veden\u00ed obou \u0161kol dohodlo na dal\u0161\u00ed spolupr\u00e1ci, kter\u00e1 by m\u011bla pokra\u010dovat i&nbsp;v&nbsp;n\u00e1sleduj\u00edc\u00edch letech.<\/p><p>Tento projekt je spolufinancov\u00e1n\u00a0<b>Evropskou uni\u00ed z&nbsp;Evropsk\u00e9ho fondu pro region\u00e1ln\u00ed rozvoj, konkr\u00e9tn\u011b z&nbsp;Dispozi\u010dn\u00edho fondu \u010cesk\u00e1 republika \u2013 Bavorsko C\u00edl 3.<\/b><\/p><p><b>\u00a0<\/b><\/p><p style=\"text-align: right;\"><b>\u201eInvestice do va\u0161\u00ed budoucnosti\u201c<\/b><\/p><p><img loading=\"lazy\" decoding=\"async\" class=\"alignnone size-full wp-image-1857\" src=\"https:\/\/bigycb.cz\/czs\/wp-content\/uploads\/2022\/10\/eu.gif\" alt=\"\" width=\"105\" height=\"70\" \/> <img loading=\"lazy\" decoding=\"async\" class=\"alignnone size-full wp-image-1858\" src=\"https:\/\/bigycb.cz\/czs\/wp-content\/uploads\/2022\/10\/euregio.gif\" alt=\"\" width=\"200\" height=\"81\" \/> <img loading=\"lazy\" decoding=\"async\" class=\"alignnone size-full wp-image-1855\" src=\"https:\/\/bigycb.cz\/czs\/wp-content\/uploads\/2022\/10\/cil3.jpg\" alt=\"\" width=\"90\" height=\"57\" \/> <img loading=\"lazy\" decoding=\"async\" class=\"alignnone size-full wp-image-1868\" src=\"https:\/\/bigycb.cz\/czs\/wp-content\/uploads\/2022\/10\/regionalni.gif\" alt=\"\" width=\"123\" height=\"129\" \/><\/p><\/div>\n\t\t\t\t\t\t\t\t\t<div class=\"elementor-tab-title elementor-tab-mobile-title\" aria-selected=\"false\" data-tab=\"19\" role=\"tab\" tabindex=\"-1\" aria-controls=\"elementor-tab-content-13019\" aria-expanded=\"false\">EU PEN\u00cdZE \u0160KOL\u00c1M<\/div>\n\t\t\t\t\t<div id=\"elementor-tab-content-13019\" class=\"elementor-tab-content elementor-clearfix\" data-tab=\"19\" role=\"tabpanel\" aria-labelledby=\"elementor-tab-title-13019\" tabindex=\"0\" hidden=\"hidden\"><p><img loading=\"lazy\" decoding=\"async\" class=\"aligncenter wp-image-1876 size-full\" src=\"https:\/\/bigycb.cz\/czs\/wp-content\/uploads\/2022\/10\/plakat-eu1024_1.jpg\" alt=\"\" width=\"723\" height=\"1024\" srcset=\"https:\/\/bigycb.cz\/czs\/wp-content\/uploads\/2022\/10\/plakat-eu1024_1.jpg 723w, https:\/\/bigycb.cz\/czs\/wp-content\/uploads\/2022\/10\/plakat-eu1024_1-212x300.jpg 212w\" sizes=\"(max-width: 723px) 100vw, 723px\" \/><\/p><\/div>\n\t\t\t\t\t\t\t<\/div>\n\t\t<\/div>\n\t\t\t\t\t\t<\/div>\n\t\t\t\t<\/div>\n\t\t\t\t\t<\/div>\n\t\t<\/div>\n\t\t\t\t\t<\/div>\n\t\t<\/section>\n\t\t\t\t<\/div>\n\t\t","protected":false},"excerpt":{"rendered":"<p>\u0160ablony II OP JAK pro CZ\u0160 v&nbsp;\u010cB, reg. \u010d. CZ.02.02.XX\/00\/24_034\/ 0010308 DIGITALIZUJEME \u0160KOLU 2022-2024 &#8211; NPO KOMPONENTA 3.1 INOVACE VE VZD\u011aL\u00c1V\u00c1N\u00cd V&nbsp;KONTEXTU DIGITALIZACE OB\u011aDY PRO JIHO\u010cESK\u00c9 D\u011aTI DIGITALIZUJEME \u0160KOLU &#8211;<a class=\"more-link\" href=\"https:\/\/bigycb.cz\/czs\/projekty\/\">Continue reading <span class=\"screen-reader-text\">&#8222;Projekty&#8220;<\/span><\/a><\/p>\n","protected":false},"author":1,"featured_media":0,"parent":0,"menu_order":0,"comment_status":"closed","ping_status":"closed","template":"","meta":{"xn-wppe-expiration":[],"xn-wppe-expiration-action":[],"xn-wppe-expiration-prefix":[],"footnotes":""},"class_list":["post-1028","page","type-page","status-publish","hentry","entry"],"jetpack_sharing_enabled":true,"_links":{"self":[{"href":"https:\/\/bigycb.cz\/czs\/wp-json\/wp\/v2\/pages\/1028","targetHints":{"allow":["GET"]}}],"collection":[{"href":"https:\/\/bigycb.cz\/czs\/wp-json\/wp\/v2\/pages"}],"about":[{"href":"https:\/\/bigycb.cz\/czs\/wp-json\/wp\/v2\/types\/page"}],"author":[{"embeddable":true,"href":"https:\/\/bigycb.cz\/czs\/wp-json\/wp\/v2\/users\/1"}],"replies":[{"embeddable":true,"href":"https:\/\/bigycb.cz\/czs\/wp-json\/wp\/v2\/comments?post=1028"}],"version-history":[{"count":64,"href":"https:\/\/bigycb.cz\/czs\/wp-json\/wp\/v2\/pages\/1028\/revisions"}],"predecessor-version":[{"id":4787,"href":"https:\/\/bigycb.cz\/czs\/wp-json\/wp\/v2\/pages\/1028\/revisions\/4787"}],"wp:attachment":[{"href":"https:\/\/bigycb.cz\/czs\/wp-json\/wp\/v2\/media?parent=1028"}],"curies":[{"name":"wp","href":"https:\/\/api.w.org\/{rel}","templated":true}]}}